{"id":1178,"date":"2026-08-05T13:48:36","date_gmt":"2026-08-05T13:48:36","guid":{"rendered":"https:\/\/nimarrentalsmallorca.com\/?page_id=1178"},"modified":"2026-08-19T21:17:35","modified_gmt":"2026-08-19T21:17:35","slug":"ca-na-tonina","status":"publish","type":"page","link":"https:\/\/nimarrentalsmallorca.com\/en\/ca-na-tonina\/","title":{"rendered":"Ca na Tonina"},"content":{"rendered":"<div class=\"wp-block-group alignfull is-style-ext-preset--group--natural-1--section ext-animate--on has-background-background-color has-background has-global-padding is-layout-constrained wp-container-core-group-is-layout-0fa1b86d wp-block-group-is-layout-constrained is-style-ext-preset--group--natural-1--section--1\" style=\"margin-top:0;margin-bottom:0;padding-top:var(--wp--preset--spacing--70);padding-bottom:var(--wp--preset--spacing--70)\">\n<div class=\"wp-block-group alignwide ext-is-logical-start ext-animate--on has-global-padding is-content-justification-left is-layout-constrained wp-container-core-group-is-layout-9fe43ea2 wp-block-group-is-layout-constrained\">\n<h2 class=\"wp-block-heading ext-animate--on\">Ca na Tonina <\/h2>\n\n\n\n<p class=\"ext-animate--on wp-block-paragraph\">Discover <strong>Ca Na Tonina<\/strong>, una acogedora casa adosada situada en <strong>S'Illot \u2013 Cala Morlanda<\/strong>, en la costa este de Mallorca. Su ubicaci\u00f3n, a tan solo <strong>200 metros del mar<\/strong>, permite disfrutar de la esencia mediterr\u00e1nea con todos los servicios necesarios a poca distancia.<\/p>\n\n\n\n<p class=\"ext-animate--on wp-block-paragraph\">Con <strong>70 m\u00b2 distribuidos en una sola planta<\/strong>, ofrece un espacio c\u00f3modo, moderno y luminoso, ideal para parejas, peque\u00f1as familias o grupos de hasta tres personas. Y lo mejor: <strong>tu mascota tambi\u00e9n es bienvenida<\/strong>.<\/p>\n\n\n\n<p class=\"ext-animate--on wp-block-paragraph\"><\/p>\n\n\n\n<figure class=\"wp-block-image size-full ext-animate--on\"><img loading=\"lazy\" decoding=\"async\" width=\"1024\" height=\"682\" src=\"https:\/\/nimarrentalsmallorca.com\/wp-content\/uploads\/2026\/08\/208474639-3.jpg\" alt=\"\" class=\"wp-image-1195\" srcset=\"https:\/\/nimarrentalsmallorca.com\/wp-content\/uploads\/2026\/08\/208474639-3.jpg 1024w, https:\/\/nimarrentalsmallorca.com\/wp-content\/uploads\/2026\/08\/208474639-3-300x200.jpg 300w, https:\/\/nimarrentalsmallorca.com\/wp-content\/uploads\/2026\/08\/208474639-3-768x512.jpg 768w, https:\/\/nimarrentalsmallorca.com\/wp-content\/uploads\/2026\/08\/208474639-3-18x12.jpg 18w\" sizes=\"auto, (max-width: 1024px) 100vw, 1024px\" \/><\/figure>\n\n\n\n<p class=\"ext-animate--on wp-block-paragraph\">\ud83d\udc65 <strong>Hasta 3 hu\u00e9spedes<\/strong><br>\ud83d\udecf\ufe0f <strong>2 dormitorios<\/strong><br>\ud83d\udec1 <strong>1 ba\u00f1o completo<\/strong><br>\ud83c\udf0a <strong>A 200 m del mar<\/strong><br>\ud83c\udf3f <strong>Patio privado<\/strong><br>\u2600\ufe0f <strong>Terraza cubierta<\/strong><br>\ud83c\udf56 <strong>Barbacoa<\/strong><br>\u2744\ufe0f <strong>Aire acondicionado<\/strong><\/p>\n\n\n\n<h2 class=\"wp-block-heading ext-animate--on\">TARIFAS<\/h2>\n\n\n\n<style>\n  @import url('https:\/\/fonts.googleapis.com\/css2?family=Cormorant+Garamond:wght@400;500;600&family=Montserrat:wght@300;400&display=swap');\n\n  .tarjeta-tarifas {\n    max-width: 380px;\n    margin: 25px auto;\n    padding: 24px 28px;\n    background-color: #faf8f5;\n    border: 1px solid #eae5dd;\n    border-radius: 8px;\n    box-shadow: 0 4px 20px rgba(0, 0, 0, 0.03);\n    font-family: 'Montserrat', sans-serif;\n  }\n\n  .tabla-tarifas-luxury {\n    width: 100%;\n    border-collapse: collapse;\n  }\n\n  .tabla-tarifas-luxury th {\n    font-family: 'Montserrat', sans-serif;\n    font-size: 0.65rem;\n    font-weight: 400;\n    text-transform: uppercase;\n    letter-spacing: 2px;\n    color: #8c8275;\n    border-bottom: 1px solid #e2dad0;\n    padding-bottom: 10px;\n    text-align: left;\n  }\n\n  .tabla-tarifas-luxury th.precio {\n    text-align: right;\n  }\n\n  .tabla-tarifas-luxury td {\n    padding: 9px 0;\n    border-bottom: 1px solid #f0ebe4;\n    font-size: 0.82rem;\n    color: #4a453e;\n    font-weight: 300;\n  }\n\n  .tabla-tarifas-luxury tr:last-child td {\n    border-bottom: none;\n  }\n\n  .tabla-tarifas-luxury td.precio {\n    text-align: right;\n    font-family: 'Cormorant Garamond', serif;\n    font-size: 1.05rem;\n    font-weight: 600;\n    color: #2b2621;\n  }\n<\/style>\n\n<div class=\"tarjeta-tarifas\">\n  <table class=\"tabla-tarifas-luxury\">\n    <thead>\n      <tr>\n        <th>Period<\/th>\n        <th class=\"precio\">Price \/ Night<\/th>\n      <\/tr>\n    <\/thead>\n    <tbody>\n      <tr>\n        <td>1 &#8211; 7 January<\/td>\n        <td class=\"precio\">140 \u20ac<\/td>\n      <\/tr>\n      <tr>\n        <td>8 &#8211; 31 January<\/td>\n        <td class=\"precio\">120 \u20ac<\/td>\n      <\/tr>\n      <tr>\n        <td>February<\/td>\n        <td class=\"precio\">120 \u20ac<\/td>\n      <\/tr>\n      <tr>\n        <td>March<\/td>\n        <td class=\"precio\">120 \u20ac<\/td>\n      <\/tr>\n      <tr>\n        <td>April<\/td>\n        <td class=\"precio\">120 \u20ac<\/td>\n      <\/tr>\n      <tr>\n        <td>May<\/td>\n        <td class=\"precio\">125 \u20ac<\/td>\n      <\/tr>\n      <tr>\n        <td>June<\/td>\n        <td class=\"precio\">140 \u20ac<\/td>\n      <\/tr>\n      <tr>\n        <td>July<\/td>\n        <td class=\"precio\">165 \u20ac<\/td>\n      <\/tr>\n      <tr>\n        <td>August<\/td>\n        <td class=\"precio\">165 \u20ac<\/td>\n      <\/tr>\n      <tr>\n        <td>September<\/td>\n        <td class=\"precio\">140 \u20ac<\/td>\n      <\/tr>\n      <tr>\n        <td>October<\/td>\n        <td class=\"precio\">125 \u20ac<\/td>\n      <\/tr>\n      <tr>\n        <td>November<\/td>\n        <td class=\"precio\">120 \u20ac<\/td>\n    \n     <\/tr>\n      <tr>\n        <td>1 &#8211; 20 December<\/td>\n        <td class=\"precio\">120 \u20ac<\/td>\n      <\/tr>\n      <tr>\n        <td>21 &#8211; 31 December<\/td>\n        <td class=\"precio\">140 \u20ac<\/td>\n      <\/tr>\n    <\/tbody>\n  <\/table>\n<\/div>\n\n\n\n<h2 class=\"wp-block-heading ext-animate--on\">Un espacio privado para disfrutar<\/h2>\n\n\n\n<p class=\"ext-animate--on wp-block-paragraph\">La casa combina un dise\u00f1o moderno y luminoso con espacios pensados para disfrutar del exterior. El patio privado ofrece un rinc\u00f3n \u00edntimo y tranquilo donde comenzar el d\u00eda con un caf\u00e9 o terminarlo compartiendo una comida al aire libre.<\/p>\n\n\n\n<p class=\"ext-animate--on wp-block-paragraph\">La terraza cuenta con mesa y sillas y una zona de barbacoa, creando el escenario perfecto para disfrutar de largas comidas y momentos relajados bajo el cielo mediterr\u00e1neo.<\/p>\n\n\n\n<p class=\"ext-animate--on wp-block-paragraph\">En el interior, los tonos blancos y la madera aportan calidez y luminosidad. El sal\u00f3n-comedor de planta abierta integra una cocina moderna y totalmente equipada, creando un espacio pr\u00e1ctico y acogedor.<\/p>\n\n\n\n<p class=\"ext-animate--on wp-block-paragraph\">La vivienda dispone de <strong>dos dormitorios<\/strong>, uno con cama doble y otro con cama individual, adem\u00e1s de un moderno ba\u00f1o con ducha.<\/p>\n\n\n\n<hr class=\"wp-block-separator has-alpha-channel-opacity ext-animate--on\"\/>\n\n\n\n<h2 class=\"wp-block-heading ext-animate--on\">El mar, a un paseo<\/h2>\n\n\n\n<p class=\"ext-animate--on wp-block-paragraph\">Uno de los grandes atractivos de Ca Na Tonina Nou es su ubicaci\u00f3n. A solo <strong>200 metros del mar<\/strong>, podr\u00e1s salir de casa y acercarte f\u00e1cilmente a la costa para disfrutar de un ba\u00f1o, un paseo junto al Mediterr\u00e1neo o simplemente contemplar el paisaje.<\/p>\n\n\n\n<p class=\"ext-animate--on wp-block-paragraph\">La zona de <strong>S&#8217;Illot y Cala Morlanda<\/strong> ofrece adem\u00e1s una excelente combinaci\u00f3n de playas, peque\u00f1as calas y servicios, con restaurantes y comercios a poca distancia.<\/p>\n\n\n\n<p class=\"ext-animate--on wp-block-paragraph\">A menos de <strong>10 minutos en coche<\/strong>, encontrar\u00e1s <strong>Porto Cristo<\/strong>, con su paseo mar\u00edtimo, restaurantes y ambiente marinero.<\/p>\n\n\n\n<hr class=\"wp-block-separator has-alpha-channel-opacity ext-animate--on\"\/>\n\n\n\n<h2 class=\"wp-block-heading ext-animate--on\">Descubre la costa este de Mallorca<\/h2>\n\n\n\n<p class=\"ext-animate--on wp-block-paragraph\">La ubicaci\u00f3n es tambi\u00e9n perfecta para explorar algunos de los rincones m\u00e1s especiales del este de la isla. <strong>Cala Millor, Sa Coma, Porto Cristo, Art\u00e0 y Capdepera<\/strong> se encuentran a poca distancia y ofrecen una gran variedad de playas, naturaleza, gastronom\u00eda y cultura.<\/p>\n\n\n\n<p class=\"ext-animate--on wp-block-paragraph\">Los amantes del deporte y las excursiones encontrar\u00e1n numerosas rutas para descubrir la costa, mientras que quienes quieran conocer la Mallorca m\u00e1s aut\u00e9ntica podr\u00e1n visitar pueblos y mercados locales.<\/p>\n\n\n\n<iframe loading=\"lazy\" src=\"https:\/\/calendar.google.com\/calendar\/embed?src=081781e5a305dd68fd67333a550783d90e4b0351d20c5e45ac3c08a882f78203%40group.calendar.google.com&#038;ctz=Europe%2FMadrid\" style=\"border: 0\" width=\"800\" height=\"600\" frameborder=\"0\" scrolling=\"no\"><\/iframe>\n\n\n\n<figure class=\"wp-block-image aligncenter size-full is-resized ext-animate--on\"><img loading=\"lazy\" decoding=\"async\" width=\"1024\" height=\"683\" src=\"https:\/\/nimarrentalsmallorca.com\/wp-content\/uploads\/2026\/08\/209608789-1.jpg\" alt=\"\" class=\"wp-image-1199\" style=\"aspect-ratio:1.5730222010899382;width:643px;height:auto\" srcset=\"https:\/\/nimarrentalsmallorca.com\/wp-content\/uploads\/2026\/08\/209608789-1.jpg 1024w, https:\/\/nimarrentalsmallorca.com\/wp-content\/uploads\/2026\/08\/209608789-1-300x200.jpg 300w, https:\/\/nimarrentalsmallorca.com\/wp-content\/uploads\/2026\/08\/209608789-1-768x512.jpg 768w, https:\/\/nimarrentalsmallorca.com\/wp-content\/uploads\/2026\/08\/209608789-1-18x12.jpg 18w\" sizes=\"auto, (max-width: 1024px) 100vw, 1024px\" \/><\/figure>\n<\/div>\n\n\n\n<div class=\"wp-block-columns alignwide are-vertically-aligned-top ext-animate--on is-layout-flex wp-container-core-columns-is-layout-b61f77e0 wp-block-columns-is-layout-flex\">\n<div class=\"wp-block-column is-vertically-aligned-top ext-animate--on is-layout-flow wp-container-core-column-is-layout-ac3d6d5c wp-block-column-is-layout-flow\">\n<figure class=\"wp-block-image size-full ext-animate--on\"><img loading=\"lazy\" decoding=\"async\" width=\"1024\" height=\"683\" src=\"https:\/\/nimarrentalsmallorca.com\/wp-content\/uploads\/2026\/08\/209608787.jpg\" alt=\"\" class=\"wp-image-1201\" srcset=\"https:\/\/nimarrentalsmallorca.com\/wp-content\/uploads\/2026\/08\/209608787.jpg 1024w, https:\/\/nimarrentalsmallorca.com\/wp-content\/uploads\/2026\/08\/209608787-300x200.jpg 300w, https:\/\/nimarrentalsmallorca.com\/wp-content\/uploads\/2026\/08\/209608787-768x512.jpg 768w, https:\/\/nimarrentalsmallorca.com\/wp-content\/uploads\/2026\/08\/209608787-18x12.jpg 18w\" sizes=\"auto, (max-width: 1024px) 100vw, 1024px\" \/><\/figure>\n\n\n\n<figure class=\"wp-block-image size-full ext-animate--on\"><img loading=\"lazy\" decoding=\"async\" width=\"1024\" height=\"683\" src=\"https:\/\/nimarrentalsmallorca.com\/wp-content\/uploads\/2026\/08\/209608791.jpg\" alt=\"\" class=\"wp-image-1203\" srcset=\"https:\/\/nimarrentalsmallorca.com\/wp-content\/uploads\/2026\/08\/209608791.jpg 1024w, https:\/\/nimarrentalsmallorca.com\/wp-content\/uploads\/2026\/08\/209608791-300x200.jpg 300w, https:\/\/nimarrentalsmallorca.com\/wp-content\/uploads\/2026\/08\/209608791-768x512.jpg 768w, https:\/\/nimarrentalsmallorca.com\/wp-content\/uploads\/2026\/08\/209608791-18x12.jpg 18w\" sizes=\"auto, (max-width: 1024px) 100vw, 1024px\" \/><\/figure>\n\n\n\n<figure class=\"wp-block-image size-full ext-animate--on\"><img loading=\"lazy\" decoding=\"async\" width=\"1024\" height=\"683\" src=\"https:\/\/nimarrentalsmallorca.com\/wp-content\/uploads\/2026\/08\/209608793-2.jpg\" alt=\"\" class=\"wp-image-1208\" srcset=\"https:\/\/nimarrentalsmallorca.com\/wp-content\/uploads\/2026\/08\/209608793-2.jpg 1024w, https:\/\/nimarrentalsmallorca.com\/wp-content\/uploads\/2026\/08\/209608793-2-300x200.jpg 300w, https:\/\/nimarrentalsmallorca.com\/wp-content\/uploads\/2026\/08\/209608793-2-768x512.jpg 768w, https:\/\/nimarrentalsmallorca.com\/wp-content\/uploads\/2026\/08\/209608793-2-18x12.jpg 18w\" sizes=\"auto, (max-width: 1024px) 100vw, 1024px\" \/><\/figure>\n\n\n\n<figure class=\"wp-block-image size-full ext-animate--on\"><img loading=\"lazy\" decoding=\"async\" width=\"1024\" height=\"683\" src=\"https:\/\/nimarrentalsmallorca.com\/wp-content\/uploads\/2026\/08\/209608795-1.jpg\" alt=\"\" class=\"wp-image-1212\" srcset=\"https:\/\/nimarrentalsmallorca.com\/wp-content\/uploads\/2026\/08\/209608795-1.jpg 1024w, https:\/\/nimarrentalsmallorca.com\/wp-content\/uploads\/2026\/08\/209608795-1-300x200.jpg 300w, https:\/\/nimarrentalsmallorca.com\/wp-content\/uploads\/2026\/08\/209608795-1-768x512.jpg 768w, https:\/\/nimarrentalsmallorca.com\/wp-content\/uploads\/2026\/08\/209608795-1-18x12.jpg 18w\" sizes=\"auto, (max-width: 1024px) 100vw, 1024px\" \/><\/figure>\n\n\n\n<figure class=\"wp-block-image size-full ext-animate--on\"><img loading=\"lazy\" decoding=\"async\" width=\"1024\" height=\"683\" src=\"https:\/\/nimarrentalsmallorca.com\/wp-content\/uploads\/2026\/08\/209608801.jpg\" alt=\"\" class=\"wp-image-1213\" srcset=\"https:\/\/nimarrentalsmallorca.com\/wp-content\/uploads\/2026\/08\/209608801.jpg 1024w, https:\/\/nimarrentalsmallorca.com\/wp-content\/uploads\/2026\/08\/209608801-300x200.jpg 300w, https:\/\/nimarrentalsmallorca.com\/wp-content\/uploads\/2026\/08\/209608801-768x512.jpg 768w, https:\/\/nimarrentalsmallorca.com\/wp-content\/uploads\/2026\/08\/209608801-18x12.jpg 18w\" sizes=\"auto, (max-width: 1024px) 100vw, 1024px\" \/><\/figure>\n\n\n\n<figure class=\"wp-block-image size-full ext-animate--on\"><img loading=\"lazy\" decoding=\"async\" width=\"1024\" height=\"683\" src=\"https:\/\/nimarrentalsmallorca.com\/wp-content\/uploads\/2026\/08\/209608802-1.jpg\" alt=\"\" class=\"wp-image-1216\" srcset=\"https:\/\/nimarrentalsmallorca.com\/wp-content\/uploads\/2026\/08\/209608802-1.jpg 1024w, https:\/\/nimarrentalsmallorca.com\/wp-content\/uploads\/2026\/08\/209608802-1-300x200.jpg 300w, https:\/\/nimarrentalsmallorca.com\/wp-content\/uploads\/2026\/08\/209608802-1-768x512.jpg 768w, https:\/\/nimarrentalsmallorca.com\/wp-content\/uploads\/2026\/08\/209608802-1-18x12.jpg 18w\" sizes=\"auto, (max-width: 1024px) 100vw, 1024px\" \/><\/figure>\n\n\n\n<figure class=\"wp-block-image size-full ext-animate--on\"><img loading=\"lazy\" decoding=\"async\" width=\"1024\" height=\"683\" src=\"https:\/\/nimarrentalsmallorca.com\/wp-content\/uploads\/2026\/08\/209608823-1.jpg\" alt=\"\" class=\"wp-image-1218\" srcset=\"https:\/\/nimarrentalsmallorca.com\/wp-content\/uploads\/2026\/08\/209608823-1.jpg 1024w, https:\/\/nimarrentalsmallorca.com\/wp-content\/uploads\/2026\/08\/209608823-1-300x200.jpg 300w, https:\/\/nimarrentalsmallorca.com\/wp-content\/uploads\/2026\/08\/209608823-1-768x512.jpg 768w, https:\/\/nimarrentalsmallorca.com\/wp-content\/uploads\/2026\/08\/209608823-1-18x12.jpg 18w\" sizes=\"auto, (max-width: 1024px) 100vw, 1024px\" \/><\/figure>\n\n\n\n<figure class=\"wp-block-image size-full ext-animate--on\"><img loading=\"lazy\" decoding=\"async\" width=\"1024\" height=\"683\" src=\"https:\/\/nimarrentalsmallorca.com\/wp-content\/uploads\/2026\/08\/209609149-2.jpg\" alt=\"\" class=\"wp-image-1240\" srcset=\"https:\/\/nimarrentalsmallorca.com\/wp-content\/uploads\/2026\/08\/209609149-2.jpg 1024w, https:\/\/nimarrentalsmallorca.com\/wp-content\/uploads\/2026\/08\/209609149-2-300x200.jpg 300w, https:\/\/nimarrentalsmallorca.com\/wp-content\/uploads\/2026\/08\/209609149-2-768x512.jpg 768w, https:\/\/nimarrentalsmallorca.com\/wp-content\/uploads\/2026\/08\/209609149-2-18x12.jpg 18w\" sizes=\"auto, (max-width: 1024px) 100vw, 1024px\" \/><\/figure>\n\n\n\n<figure class=\"wp-block-image size-full ext-animate--on\"><img loading=\"lazy\" decoding=\"async\" width=\"1024\" height=\"683\" src=\"https:\/\/nimarrentalsmallorca.com\/wp-content\/uploads\/2026\/08\/209609207.jpg\" alt=\"\" class=\"wp-image-1257\" srcset=\"https:\/\/nimarrentalsmallorca.com\/wp-content\/uploads\/2026\/08\/209609207.jpg 1024w, https:\/\/nimarrentalsmallorca.com\/wp-content\/uploads\/2026\/08\/209609207-300x200.jpg 300w, https:\/\/nimarrentalsmallorca.com\/wp-content\/uploads\/2026\/08\/209609207-768x512.jpg 768w, https:\/\/nimarrentalsmallorca.com\/wp-content\/uploads\/2026\/08\/209609207-18x12.jpg 18w\" sizes=\"auto, (max-width: 1024px) 100vw, 1024px\" \/><\/figure>\n<\/div>\n\n\n\n<div class=\"wp-block-column is-vertically-aligned-top ext-animate--on is-layout-flow wp-container-core-column-is-layout-ac3d6d5c wp-block-column-is-layout-flow\">\n<figure class=\"wp-block-image size-full ext-animate--on\"><img loading=\"lazy\" decoding=\"async\" width=\"1024\" height=\"683\" src=\"https:\/\/nimarrentalsmallorca.com\/wp-content\/uploads\/2026\/08\/209609181.jpg\" alt=\"\" class=\"wp-image-1242\" srcset=\"https:\/\/nimarrentalsmallorca.com\/wp-content\/uploads\/2026\/08\/209609181.jpg 1024w, https:\/\/nimarrentalsmallorca.com\/wp-content\/uploads\/2026\/08\/209609181-300x200.jpg 300w, https:\/\/nimarrentalsmallorca.com\/wp-content\/uploads\/2026\/08\/209609181-768x512.jpg 768w, https:\/\/nimarrentalsmallorca.com\/wp-content\/uploads\/2026\/08\/209609181-18x12.jpg 18w\" sizes=\"auto, (max-width: 1024px) 100vw, 1024px\" \/><\/figure>\n\n\n\n<figure class=\"wp-block-image size-full ext-animate--on\"><img loading=\"lazy\" decoding=\"async\" width=\"1024\" height=\"683\" src=\"https:\/\/nimarrentalsmallorca.com\/wp-content\/uploads\/2026\/08\/209608824.jpg\" alt=\"\" class=\"wp-image-1222\" srcset=\"https:\/\/nimarrentalsmallorca.com\/wp-content\/uploads\/2026\/08\/209608824.jpg 1024w, https:\/\/nimarrentalsmallorca.com\/wp-content\/uploads\/2026\/08\/209608824-300x200.jpg 300w, https:\/\/nimarrentalsmallorca.com\/wp-content\/uploads\/2026\/08\/209608824-768x512.jpg 768w, https:\/\/nimarrentalsmallorca.com\/wp-content\/uploads\/2026\/08\/209608824-18x12.jpg 18w\" sizes=\"auto, (max-width: 1024px) 100vw, 1024px\" \/><\/figure>\n\n\n\n<figure class=\"wp-block-image size-full ext-animate--on\"><img loading=\"lazy\" decoding=\"async\" width=\"1024\" height=\"683\" src=\"https:\/\/nimarrentalsmallorca.com\/wp-content\/uploads\/2026\/08\/209609113.jpg\" alt=\"\" class=\"wp-image-1224\" srcset=\"https:\/\/nimarrentalsmallorca.com\/wp-content\/uploads\/2026\/08\/209609113.jpg 1024w, https:\/\/nimarrentalsmallorca.com\/wp-content\/uploads\/2026\/08\/209609113-300x200.jpg 300w, https:\/\/nimarrentalsmallorca.com\/wp-content\/uploads\/2026\/08\/209609113-768x512.jpg 768w, https:\/\/nimarrentalsmallorca.com\/wp-content\/uploads\/2026\/08\/209609113-18x12.jpg 18w\" sizes=\"auto, (max-width: 1024px) 100vw, 1024px\" \/><\/figure>\n\n\n\n<figure class=\"wp-block-image size-full ext-animate--on\"><img loading=\"lazy\" decoding=\"async\" width=\"1024\" height=\"683\" src=\"https:\/\/nimarrentalsmallorca.com\/wp-content\/uploads\/2026\/08\/209609115-1.jpg\" alt=\"\" class=\"wp-image-1228\" srcset=\"https:\/\/nimarrentalsmallorca.com\/wp-content\/uploads\/2026\/08\/209609115-1.jpg 1024w, https:\/\/nimarrentalsmallorca.com\/wp-content\/uploads\/2026\/08\/209609115-1-300x200.jpg 300w, https:\/\/nimarrentalsmallorca.com\/wp-content\/uploads\/2026\/08\/209609115-1-768x512.jpg 768w, https:\/\/nimarrentalsmallorca.com\/wp-content\/uploads\/2026\/08\/209609115-1-18x12.jpg 18w\" sizes=\"auto, (max-width: 1024px) 100vw, 1024px\" \/><\/figure>\n\n\n\n<figure class=\"wp-block-image size-full ext-animate--on\"><img loading=\"lazy\" decoding=\"async\" width=\"1024\" height=\"683\" src=\"https:\/\/nimarrentalsmallorca.com\/wp-content\/uploads\/2026\/08\/209609134.jpg\" alt=\"\" class=\"wp-image-1230\" srcset=\"https:\/\/nimarrentalsmallorca.com\/wp-content\/uploads\/2026\/08\/209609134.jpg 1024w, https:\/\/nimarrentalsmallorca.com\/wp-content\/uploads\/2026\/08\/209609134-300x200.jpg 300w, https:\/\/nimarrentalsmallorca.com\/wp-content\/uploads\/2026\/08\/209609134-768x512.jpg 768w, https:\/\/nimarrentalsmallorca.com\/wp-content\/uploads\/2026\/08\/209609134-18x12.jpg 18w\" sizes=\"auto, (max-width: 1024px) 100vw, 1024px\" \/><\/figure>\n\n\n\n<figure class=\"wp-block-image size-full ext-animate--on\"><img loading=\"lazy\" decoding=\"async\" width=\"1024\" height=\"683\" src=\"https:\/\/nimarrentalsmallorca.com\/wp-content\/uploads\/2026\/08\/209609140.jpg\" alt=\"\" class=\"wp-image-1232\" srcset=\"https:\/\/nimarrentalsmallorca.com\/wp-content\/uploads\/2026\/08\/209609140.jpg 1024w, https:\/\/nimarrentalsmallorca.com\/wp-content\/uploads\/2026\/08\/209609140-300x200.jpg 300w, https:\/\/nimarrentalsmallorca.com\/wp-content\/uploads\/2026\/08\/209609140-768x512.jpg 768w, https:\/\/nimarrentalsmallorca.com\/wp-content\/uploads\/2026\/08\/209609140-18x12.jpg 18w\" sizes=\"auto, (max-width: 1024px) 100vw, 1024px\" \/><\/figure>\n\n\n\n<figure class=\"wp-block-image size-full ext-animate--on\"><img loading=\"lazy\" decoding=\"async\" width=\"1024\" height=\"683\" src=\"https:\/\/nimarrentalsmallorca.com\/wp-content\/uploads\/2026\/08\/209609181-5.jpg\" alt=\"\" class=\"wp-image-1249\" srcset=\"https:\/\/nimarrentalsmallorca.com\/wp-content\/uploads\/2026\/08\/209609181-5.jpg 1024w, https:\/\/nimarrentalsmallorca.com\/wp-content\/uploads\/2026\/08\/209609181-5-300x200.jpg 300w, https:\/\/nimarrentalsmallorca.com\/wp-content\/uploads\/2026\/08\/209609181-5-768x512.jpg 768w, https:\/\/nimarrentalsmallorca.com\/wp-content\/uploads\/2026\/08\/209609181-5-18x12.jpg 18w\" sizes=\"auto, (max-width: 1024px) 100vw, 1024px\" \/><\/figure>\n\n\n\n<figure class=\"wp-block-image size-full ext-animate--on\"><img loading=\"lazy\" decoding=\"async\" width=\"1024\" height=\"683\" src=\"https:\/\/nimarrentalsmallorca.com\/wp-content\/uploads\/2026\/08\/209609199.jpg\" alt=\"\" class=\"wp-image-1255\" srcset=\"https:\/\/nimarrentalsmallorca.com\/wp-content\/uploads\/2026\/08\/209609199.jpg 1024w, https:\/\/nimarrentalsmallorca.com\/wp-content\/uploads\/2026\/08\/209609199-300x200.jpg 300w, https:\/\/nimarrentalsmallorca.com\/wp-content\/uploads\/2026\/08\/209609199-768x512.jpg 768w, https:\/\/nimarrentalsmallorca.com\/wp-content\/uploads\/2026\/08\/209609199-18x12.jpg 18w\" sizes=\"auto, (max-width: 1024px) 100vw, 1024px\" \/><\/figure>\n\n\n\n<figure class=\"wp-block-image size-full ext-animate--on\"><img loading=\"lazy\" decoding=\"async\" width=\"1024\" height=\"683\" src=\"https:\/\/nimarrentalsmallorca.com\/wp-content\/uploads\/2026\/08\/209609205-1.jpg\" alt=\"\" class=\"wp-image-1262\" srcset=\"https:\/\/nimarrentalsmallorca.com\/wp-content\/uploads\/2026\/08\/209609205-1.jpg 1024w, https:\/\/nimarrentalsmallorca.com\/wp-content\/uploads\/2026\/08\/209609205-1-300x200.jpg 300w, https:\/\/nimarrentalsmallorca.com\/wp-content\/uploads\/2026\/08\/209609205-1-768x512.jpg 768w, https:\/\/nimarrentalsmallorca.com\/wp-content\/uploads\/2026\/08\/209609205-1-18x12.jpg 18w\" sizes=\"auto, (max-width: 1024px) 100vw, 1024px\" \/><\/figure>\n<\/div>\n<\/div>\n<\/div>\n\n\n\n<div class=\"wp-block-group alignfull is-style-ext-preset--group--natural-1--section ext-animate--on has-tertiary-background-color has-background has-global-padding is-layout-constrained wp-block-group-is-layout-constrained is-style-ext-preset--group--natural-1--section--2\" style=\"margin-top:0;margin-bottom:0;padding-top:var(--wp--preset--spacing--70);padding-bottom:var(--wp--preset--spacing--70)\">\n<div class=\"wp-block-columns alignwide are-vertically-aligned-center ext-animate--on is-layout-flex wp-container-core-columns-is-layout-d96dcb9d wp-block-columns-is-layout-flex\">\n<div class=\"wp-block-column is-vertically-aligned-center ext-animate--on is-layout-flow wp-block-column-is-layout-flow\">\n<figure class=\"wp-block-image aligncenter size-full is-resized ext-animate--on\"><img loading=\"lazy\" decoding=\"async\" width=\"1024\" height=\"683\" src=\"https:\/\/nimarrentalsmallorca.com\/wp-content\/uploads\/2026\/08\/Portada-3.jpg\" alt=\"\" class=\"wp-image-1264\" style=\"aspect-ratio:1.4992705644708786;width:706px;height:auto\" srcset=\"https:\/\/nimarrentalsmallorca.com\/wp-content\/uploads\/2026\/08\/Portada-3.jpg 1024w, https:\/\/nimarrentalsmallorca.com\/wp-content\/uploads\/2026\/08\/Portada-3-300x200.jpg 300w, https:\/\/nimarrentalsmallorca.com\/wp-content\/uploads\/2026\/08\/Portada-3-768x512.jpg 768w, https:\/\/nimarrentalsmallorca.com\/wp-content\/uploads\/2026\/08\/Portada-3-18x12.jpg 18w\" sizes=\"auto, (max-width: 1024px) 100vw, 1024px\" \/><\/figure>\n<\/div>\n<\/div>\n<\/div>","protected":false},"excerpt":{"rendered":"<p>Ca na Tonina Descubre Ca Na Tonina, una acogedora casa adosada situada en S&#8217;Illot \u2013 Cala Morlanda, en la costa este de Mallorca. Su ubicaci\u00f3n, a tan solo 200 metros del mar, permite disfrutar de la esencia mediterr\u00e1nea con todos los servicios necesarios a poca distancia. Con 70 m\u00b2 distribuidos en una sola planta, ofrece [&hellip;]<\/p>\n","protected":false},"author":1,"featured_media":0,"parent":0,"menu_order":0,"comment_status":"closed","ping_status":"closed","template":"page-with-title","meta":{"footnotes":""},"class_list":["post-1178","page","type-page","status-publish","hentry"],"_links":{"self":[{"href":"https:\/\/nimarrentalsmallorca.com\/en\/wp-json\/wp\/v2\/pages\/1178","targetHints":{"allow":["GET"]}}],"collection":[{"href":"https:\/\/nimarrentalsmallorca.com\/en\/wp-json\/wp\/v2\/pages"}],"about":[{"href":"https:\/\/nimarrentalsmallorca.com\/en\/wp-json\/wp\/v2\/types\/page"}],"author":[{"embeddable":true,"href":"https:\/\/nimarrentalsmallorca.com\/en\/wp-json\/wp\/v2\/users\/1"}],"replies":[{"embeddable":true,"href":"https:\/\/nimarrentalsmallorca.com\/en\/wp-json\/wp\/v2\/comments?post=1178"}],"version-history":[{"count":55,"href":"https:\/\/nimarrentalsmallorca.com\/en\/wp-json\/wp\/v2\/pages\/1178\/revisions"}],"predecessor-version":[{"id":1541,"href":"https:\/\/nimarrentalsmallorca.com\/en\/wp-json\/wp\/v2\/pages\/1178\/revisions\/1541"}],"wp:attachment":[{"href":"https:\/\/nimarrentalsmallorca.com\/en\/wp-json\/wp\/v2\/media?parent=1178"}],"curies":[{"name":"well played","href":"https:\/\/api.w.org\/{rel}","templated":true}]}}