{"id":15,"date":"2026-07-19T13:12:57","date_gmt":"2026-07-19T13:12:57","guid":{"rendered":"https:\/\/nimarrentalsmallorca.com\/reserva\/"},"modified":"2026-08-18T23:12:37","modified_gmt":"2026-08-18T23:12:37","slug":"reserva","status":"publish","type":"page","link":"https:\/\/nimarrentalsmallorca.com\/en\/reserva\/","title":{"rendered":"Accommodations"},"content":{"rendered":"<div class=\"wp-block-group alignfull is-style-ext-preset--group--natural-1--section ext-animate--on has-background-background-color has-background has-global-padding is-layout-constrained wp-container-core-group-is-layout-e0642ee3 wp-block-group-is-layout-constrained is-style-ext-preset--group--natural-1--section--1\" id=\"reservar-ahora\" style=\"margin-top:0;margin-bottom:0;padding-top:var(--wp--preset--spacing--70);padding-bottom:var(--wp--preset--spacing--70)\">\n<h2 class=\"wp-block-heading has-text-align-center ext-animate--on\">Easily book your ideal accommodation in Mallorca.<\/h2>\n\n\n\n<p class=\"has-text-align-center ext-animate--on wp-block-paragraph\" style=\"margin-top:1.5rem\">Discover the wide variety of options we offer, including coastal, inland, or traditional Mallorcan accommodations.<\/p>\n<\/div>\n\n\n\n<div class=\"wp-block-group alignfull is-style-ext-preset--group--natural-1--section has-background-background-color has-background has-global-padding is-layout-constrained wp-container-core-group-is-layout-8870cb56 wp-block-group-is-layout-constrained is-style-ext-preset--group--natural-1--section--2\" style=\"margin-top:0;margin-bottom:0;padding-top:var(--wp--preset--spacing--70);padding-bottom:var(--wp--preset--spacing--70)\">\n<div class=\"wp-block-columns alignfull is-image-fill-element is-style-ext-preset--media-text--natural-1--card-1 ext-animate--on has-tertiary-background-color has-background is-layout-flex wp-container-core-columns-is-layout-e35d3e13 wp-block-columns-is-layout-flex\">\n<div class=\"wp-block-column is-vertically-aligned-center ext-animate--on is-layout-flow wp-block-column-is-layout-flow\" style=\"flex-basis:52%\">\n<figure class=\"wp-block-image ext-animate--on\"><img loading=\"lazy\" decoding=\"async\" width=\"1024\" height=\"683\" src=\"https:\/\/nimarrentalsmallorca.com\/wp-content\/uploads\/2026\/07\/Portada-2.jpg\" alt=\"\" class=\"wp-image-450\" srcset=\"https:\/\/nimarrentalsmallorca.com\/wp-content\/uploads\/2026\/07\/Portada-2.jpg 1024w, https:\/\/nimarrentalsmallorca.com\/wp-content\/uploads\/2026\/07\/Portada-2-300x200.jpg 300w, https:\/\/nimarrentalsmallorca.com\/wp-content\/uploads\/2026\/07\/Portada-2-768x512.jpg 768w, https:\/\/nimarrentalsmallorca.com\/wp-content\/uploads\/2026\/07\/Portada-2-18x12.jpg 18w\" sizes=\"auto, (max-width: 1024px) 100vw, 1024px\" \/><\/figure>\n<\/div>\n\n\n\n<div class=\"wp-block-column ext-animate--on is-layout-flow wp-block-column-is-layout-flow\" style=\"flex-basis:48%\">\n<div class=\"wp-block-group alignwide ext-animate--on is-vertical is-layout-flex wp-container-core-group-is-layout-06ef0e0b wp-block-group-is-layout-flex\" style=\"padding-top:var(--wp--preset--spacing--60);padding-bottom:var(--wp--preset--spacing--60)\">\n<div class=\"wp-block-group ext-animate--on has-global-padding is-content-justification-left is-layout-constrained wp-container-core-group-is-layout-1d745fdf wp-block-group-is-layout-constrained\" style=\"padding-top:0;padding-right:0;padding-bottom:0;padding-left:0\">\n<h2 class=\"wp-block-heading ext-animate--on\">Villa Cocodrilo <\/h2>\n\n\n\n<p class=\"ext-animate--on wp-block-paragraph\">An oasis of tranquility in Alc\u00fadia, designed to enjoy Mallorca with total privacy and comfort.<\/p>\n\n\n\n<p class=\"ext-animate--on wp-block-paragraph\">\ud83d\udc65  7 hu\u00e9spedes \ud83d\udecf\ufe0f 4 dormitorios \ud83d\udec13 ba\u00f1os \ud83c\udfca Piscina privada \ud83c\udf0a A solo 300 m del mar  \u2744\ufe0f Aire acondicionado<\/p>\n<\/div>\n\n\n\n<div class=\"wp-block-buttons ext-animate--on is-layout-flex wp-block-buttons-is-layout-flex\">\n<div class=\"wp-block-button is-style-ext-preset--button--natural-1--button-1 ext-animate--on is-style-ext-preset--button--natural-1--button-1--3\"><a class=\"wp-block-button__link wp-element-button\" href=\"https:\/\/nimarrentalsmallorca.com\/en\/villas-exclusivas\/\">From 360 \u20ac<\/a><\/div>\n<\/div>\n<\/div>\n<\/div>\n<\/div>\n\n\n\n<div class=\"wp-block-columns alignfull is-image-fill-element is-style-ext-preset--media-text--natural-1--card-1 ext-animate--on has-tertiary-background-color has-background is-layout-flex wp-container-core-columns-is-layout-e35d3e13 wp-block-columns-is-layout-flex\">\n<div class=\"wp-block-column is-vertically-aligned-center ext-animate--on is-layout-flow wp-block-column-is-layout-flow\" style=\"flex-basis:52%\">\n<figure class=\"wp-block-image size-full ext-animate--on\"><img loading=\"lazy\" decoding=\"async\" width=\"1024\" height=\"642\" src=\"https:\/\/nimarrentalsmallorca.com\/wp-content\/uploads\/2026\/07\/Portada-6.jpg\" alt=\"\" class=\"wp-image-522\" srcset=\"https:\/\/nimarrentalsmallorca.com\/wp-content\/uploads\/2026\/07\/Portada-6.jpg 1024w, https:\/\/nimarrentalsmallorca.com\/wp-content\/uploads\/2026\/07\/Portada-6-300x188.jpg 300w, https:\/\/nimarrentalsmallorca.com\/wp-content\/uploads\/2026\/07\/Portada-6-768x482.jpg 768w, https:\/\/nimarrentalsmallorca.com\/wp-content\/uploads\/2026\/07\/Portada-6-18x12.jpg 18w\" sizes=\"auto, (max-width: 1024px) 100vw, 1024px\" \/><\/figure>\n<\/div>\n\n\n\n<div class=\"wp-block-column ext-animate--on is-layout-flow wp-block-column-is-layout-flow\" style=\"flex-basis:48%\">\n<div class=\"wp-block-group alignwide ext-animate--on is-vertical is-layout-flex wp-container-core-group-is-layout-06ef0e0b wp-block-group-is-layout-flex\" style=\"padding-top:var(--wp--preset--spacing--60);padding-bottom:var(--wp--preset--spacing--60)\">\n<div class=\"wp-block-group ext-animate--on has-global-padding is-content-justification-left is-layout-constrained wp-container-core-group-is-layout-1d745fdf wp-block-group-is-layout-constrained\" style=\"padding-top:0;padding-right:0;padding-bottom:0;padding-left:0\">\n<h2 class=\"wp-block-heading ext-animate--on\">Can Petit <\/h2>\n\n\n\n<p class=\"ext-animate--on wp-block-paragraph\">Enjoy an exclusive villa located in <strong>Puig de Bonany<\/strong>, surrounded by nature and with total privacy. The perfect place to disconnect and discover the authentic essence of Mallorca.<\/p>\n\n\n\n<p class=\"ext-animate--on wp-block-paragraph\">\ud83d\udc65 7 hu\u00e9spedes  \ud83d\udecf\ufe0f 4 dormitorios  \ud83d\udec13 ba\u00f1os  \ud83c\udfca Piscina privada<\/p>\n<\/div>\n\n\n\n<div class=\"wp-block-buttons ext-animate--on is-layout-flex wp-block-buttons-is-layout-flex\">\n<div class=\"wp-block-button is-style-ext-preset--button--natural-1--button-1 ext-animate--on is-style-ext-preset--button--natural-1--button-1--4\"><a class=\"wp-block-button__link wp-element-button\" href=\"https:\/\/nimarrentalsmallorca.com\/en\/can-petit\/\">From 265 \u20ac<\/a><\/div>\n<\/div>\n<\/div>\n<\/div>\n<\/div>\n\n\n\n<div class=\"wp-block-columns alignfull is-image-fill-element is-style-ext-preset--media-text--natural-1--card-1 ext-animate--on has-tertiary-background-color has-background is-layout-flex wp-container-core-columns-is-layout-e35d3e13 wp-block-columns-is-layout-flex\">\n<div class=\"wp-block-column is-vertically-aligned-center ext-animate--on is-layout-flow wp-block-column-is-layout-flow\" style=\"flex-basis:52%\">\n<figure class=\"wp-block-image size-full ext-animate--on\"><img loading=\"lazy\" decoding=\"async\" width=\"1024\" height=\"535\" src=\"https:\/\/nimarrentalsmallorca.com\/wp-content\/uploads\/2026\/07\/Portada-12.jpg\" alt=\"\" class=\"wp-image-761\" srcset=\"https:\/\/nimarrentalsmallorca.com\/wp-content\/uploads\/2026\/07\/Portada-12.jpg 1024w, https:\/\/nimarrentalsmallorca.com\/wp-content\/uploads\/2026\/07\/Portada-12-300x157.jpg 300w, https:\/\/nimarrentalsmallorca.com\/wp-content\/uploads\/2026\/07\/Portada-12-768x401.jpg 768w, https:\/\/nimarrentalsmallorca.com\/wp-content\/uploads\/2026\/07\/Portada-12-18x9.jpg 18w\" sizes=\"auto, (max-width: 1024px) 100vw, 1024px\" \/><\/figure>\n<\/div>\n\n\n\n<div class=\"wp-block-column ext-animate--on is-layout-flow wp-block-column-is-layout-flow\" style=\"flex-basis:48%\">\n<div class=\"wp-block-group alignwide ext-animate--on is-vertical is-layout-flex wp-container-core-group-is-layout-06ef0e0b wp-block-group-is-layout-flex\" style=\"padding-top:var(--wp--preset--spacing--60);padding-bottom:var(--wp--preset--spacing--60)\">\n<div class=\"wp-block-group ext-animate--on has-global-padding is-content-justification-left is-layout-constrained wp-container-core-group-is-layout-1d745fdf wp-block-group-is-layout-constrained\" style=\"padding-top:0;padding-right:0;padding-bottom:0;padding-left:0\">\n<h2 class=\"wp-block-heading ext-animate--on\">Horlandis<\/h2>\n\n\n\n<p class=\"ext-animate--on wp-block-paragraph\">Experience the tranquility of Mallorca in a villa surrounded by nature, with total privacy and privileged views. A place designed to disconnect and enjoy an unforgettable stay.<\/p>\n\n\n\n<p class=\"ext-animate--on wp-block-paragraph\">\ud83d\udc65 8 hu\u00e9spedes \ud83d\udecf\ufe0f 4 dormitorios \ud83d\udec14 ba\u00f1os + 1 aseo \ud83c\udfca Piscina privada \ud83c\udf56 Barbacoa<\/p>\n<\/div>\n\n\n\n<div class=\"wp-block-buttons ext-animate--on is-layout-flex wp-block-buttons-is-layout-flex\">\n<div class=\"wp-block-button is-style-ext-preset--button--natural-1--button-1 ext-animate--on is-style-ext-preset--button--natural-1--button-1--5\"><a class=\"wp-block-button__link wp-element-button\" href=\"https:\/\/nimarrentalsmallorca.com\/en\/horlandis\/\">From 265 \u20ac<\/a><\/div>\n<\/div>\n<\/div>\n<\/div>\n<\/div>\n\n\n\n<div class=\"wp-block-columns alignfull is-image-fill-element is-style-ext-preset--media-text--natural-1--card-1 ext-animate--on has-tertiary-background-color has-background is-layout-flex wp-container-core-columns-is-layout-e35d3e13 wp-block-columns-is-layout-flex\">\n<div class=\"wp-block-column is-vertically-aligned-center ext-animate--on is-layout-flow wp-block-column-is-layout-flow\" style=\"flex-basis:52%\">\n<figure class=\"wp-block-image size-large ext-animate--on\"><img loading=\"lazy\" decoding=\"async\" width=\"1024\" height=\"683\" src=\"https:\/\/nimarrentalsmallorca.com\/wp-content\/uploads\/2026\/08\/Captura-de-pantalla-2026-07-27-162554-3-1024x683.jpg\" alt=\"\" class=\"wp-image-1077\" srcset=\"https:\/\/nimarrentalsmallorca.com\/wp-content\/uploads\/2026\/08\/Captura-de-pantalla-2026-07-27-162554-3-1024x683.jpg 1024w, https:\/\/nimarrentalsmallorca.com\/wp-content\/uploads\/2026\/08\/Captura-de-pantalla-2026-07-27-162554-3-300x200.jpg 300w, https:\/\/nimarrentalsmallorca.com\/wp-content\/uploads\/2026\/08\/Captura-de-pantalla-2026-07-27-162554-3-768x512.jpg 768w, https:\/\/nimarrentalsmallorca.com\/wp-content\/uploads\/2026\/08\/Captura-de-pantalla-2026-07-27-162554-3-18x12.jpg 18w, https:\/\/nimarrentalsmallorca.com\/wp-content\/uploads\/2026\/08\/Captura-de-pantalla-2026-07-27-162554-3.jpg 1368w\" sizes=\"auto, (max-width: 1024px) 100vw, 1024px\" \/><\/figure>\n<\/div>\n\n\n\n<div class=\"wp-block-column ext-animate--on is-layout-flow wp-block-column-is-layout-flow\" style=\"flex-basis:48%\">\n<div class=\"wp-block-group alignwide ext-animate--on is-vertical is-layout-flex wp-container-core-group-is-layout-06ef0e0b wp-block-group-is-layout-flex\" style=\"padding-top:var(--wp--preset--spacing--60);padding-bottom:var(--wp--preset--spacing--60)\">\n<div class=\"wp-block-group ext-animate--on has-global-padding is-content-justification-left is-layout-constrained wp-container-core-group-is-layout-1d745fdf wp-block-group-is-layout-constrained\" style=\"padding-top:0;padding-right:0;padding-bottom:0;padding-left:0\">\n<h2 class=\"wp-block-heading ext-animate--on\">Casa Petra<\/h2>\n\n\n\n<p class=\"ext-animate--on wp-block-paragraph\">A completely renovated village house that combines the <strong>Traditional Mallorcan architecture<\/strong> with a contemporary design, right in the center of Petra and just 50 meters from the square.<\/p>\n\n\n\n<p class=\"ext-animate--on wp-block-paragraph\">\ud83d\udc65 8 hu\u00e9spedes \ud83d\udecf\ufe0f 4 dormitorios \ud83d\udec1 3 ba\u00f1os \u2744\ufe0f Aire acondicionado \ud83c\udfca Piscina \ud83d\udccd A 50 m de la plaza de Petra \ud83c\udf3f Patio privado<\/p>\n<\/div>\n\n\n\n<div class=\"wp-block-buttons ext-animate--on is-layout-flex wp-block-buttons-is-layout-flex\">\n<div class=\"wp-block-button is-style-ext-preset--button--natural-1--button-1 ext-animate--on is-style-ext-preset--button--natural-1--button-1--6\"><a class=\"wp-block-button__link wp-element-button\" href=\"https:\/\/nimarrentalsmallorca.com\/en\/casa-petra\/\">See more<\/a><\/div>\n<\/div>\n<\/div>\n<\/div>\n<\/div>\n\n\n\n<div class=\"wp-block-columns alignfull is-image-fill-element is-style-ext-preset--media-text--natural-1--card-1 ext-animate--on has-tertiary-background-color has-background is-layout-flex wp-container-core-columns-is-layout-e35d3e13 wp-block-columns-is-layout-flex\">\n<div class=\"wp-block-column is-vertically-aligned-center ext-animate--on is-layout-flow wp-block-column-is-layout-flow\" style=\"flex-basis:52%\">\n<figure class=\"wp-block-image size-large ext-animate--on\"><img loading=\"lazy\" decoding=\"async\" width=\"1024\" height=\"576\" src=\"https:\/\/nimarrentalsmallorca.com\/wp-content\/uploads\/2026\/08\/Portada-1-1024x576.jpg\" alt=\"\" class=\"wp-image-1175\" srcset=\"https:\/\/nimarrentalsmallorca.com\/wp-content\/uploads\/2026\/08\/Portada-1-1024x576.jpg 1024w, https:\/\/nimarrentalsmallorca.com\/wp-content\/uploads\/2026\/08\/Portada-1-300x169.jpg 300w, https:\/\/nimarrentalsmallorca.com\/wp-content\/uploads\/2026\/08\/Portada-1-768x432.jpg 768w, https:\/\/nimarrentalsmallorca.com\/wp-content\/uploads\/2026\/08\/Portada-1-18x10.jpg 18w, https:\/\/nimarrentalsmallorca.com\/wp-content\/uploads\/2026\/08\/Portada-1.jpg 1378w\" sizes=\"auto, (max-width: 1024px) 100vw, 1024px\" \/><\/figure>\n<\/div>\n\n\n\n<div class=\"wp-block-column ext-animate--on is-layout-flow wp-block-column-is-layout-flow\" style=\"flex-basis:48%\">\n<div class=\"wp-block-group alignwide ext-animate--on is-vertical is-layout-flex wp-container-core-group-is-layout-06ef0e0b wp-block-group-is-layout-flex\" style=\"padding-top:var(--wp--preset--spacing--60);padding-bottom:var(--wp--preset--spacing--60)\">\n<div class=\"wp-block-group ext-animate--on has-global-padding is-content-justification-left is-layout-constrained wp-container-core-group-is-layout-1d745fdf wp-block-group-is-layout-constrained\" style=\"padding-top:0;padding-right:0;padding-bottom:0;padding-left:0\">\n<h2 class=\"wp-block-heading ext-animate--on\">Minimal<\/h2>\n\n\n\n<p class=\"ext-animate--on wp-block-paragraph\">Enjoy a beachfront stay <strong>Port of Can Picafort<\/strong>, with spectacular sea views and a private rooftop terrace where you can relax under the Mediterranean sun.<\/p>\n\n\n\n<p class=\"ext-animate--on wp-block-paragraph\">\ud83d\udc65  5 hu\u00e9spedes \ud83d\udecf\ufe0f 3 dormitorios \ud83d\udec1 2 ba\u00f1os                                       \u2744\ufe0f Aire acondicionado \ud83c\udf0a Vistas al mar \u2600\ufe0f Terraza privada en la azotea \ud83d\udccd En el centro de Can Picafort <\/p>\n\n\n\n<p class=\"ext-animate--on wp-block-paragraph\">The perfect place to live Mallorca beachfront, among terraces, boats and unforgettable sunsets.<\/p>\n<\/div>\n\n\n\n<div class=\"wp-block-buttons ext-animate--on is-layout-flex wp-block-buttons-is-layout-flex\">\n<div class=\"wp-block-button is-style-ext-preset--button--natural-1--button-1 ext-animate--on is-style-ext-preset--button--natural-1--button-1--7\"><a class=\"wp-block-button__link wp-element-button\" href=\"https:\/\/nimarrentalsmallorca.com\/en\/minimal\/\">See more<\/a><\/div>\n<\/div>\n<\/div>\n<\/div>\n<\/div>\n\n\n\n<div class=\"wp-block-columns alignfull is-image-fill-element is-style-ext-preset--media-text--natural-1--card-1 ext-animate--on has-tertiary-background-color has-background is-layout-flex wp-container-core-columns-is-layout-e35d3e13 wp-block-columns-is-layout-flex\">\n<div class=\"wp-block-column is-vertically-aligned-center ext-animate--on is-layout-flow wp-block-column-is-layout-flow\" style=\"flex-basis:52%\">\n<figure class=\"wp-block-image size-full ext-animate--on\"><img loading=\"lazy\" decoding=\"async\" width=\"1024\" height=\"682\" src=\"https:\/\/nimarrentalsmallorca.com\/wp-content\/uploads\/2026\/08\/208474639-4.jpg\" alt=\"\" class=\"wp-image-1266\" srcset=\"https:\/\/nimarrentalsmallorca.com\/wp-content\/uploads\/2026\/08\/208474639-4.jpg 1024w, https:\/\/nimarrentalsmallorca.com\/wp-content\/uploads\/2026\/08\/208474639-4-300x200.jpg 300w, https:\/\/nimarrentalsmallorca.com\/wp-content\/uploads\/2026\/08\/208474639-4-768x512.jpg 768w, https:\/\/nimarrentalsmallorca.com\/wp-content\/uploads\/2026\/08\/208474639-4-18x12.jpg 18w\" sizes=\"auto, (max-width: 1024px) 100vw, 1024px\" \/><\/figure>\n<\/div>\n\n\n\n<div class=\"wp-block-column ext-animate--on is-layout-flow wp-block-column-is-layout-flow\" style=\"flex-basis:48%\">\n<div class=\"wp-block-group alignwide ext-animate--on is-vertical is-layout-flex wp-container-core-group-is-layout-06ef0e0b wp-block-group-is-layout-flex\" style=\"padding-top:var(--wp--preset--spacing--60);padding-bottom:var(--wp--preset--spacing--60)\">\n<div class=\"wp-block-group ext-animate--on has-global-padding is-content-justification-left is-layout-constrained wp-container-core-group-is-layout-1d745fdf wp-block-group-is-layout-constrained\" style=\"padding-top:0;padding-right:0;padding-bottom:0;padding-left:0\">\n<h2 class=\"wp-block-heading ext-animate--on\">Ca na Tonina <\/h2>\n\n\n\n<p class=\"ext-animate--on wp-block-paragraph\">A cozy townhouse in <strong>S'Illot \u2013 Cala Morlanda<\/strong>, just a few steps from the sea. A modern and private space, perfect for enjoying Mallorca as a couple, with friends, or with family.<\/p>\n\n\n\n<p class=\"ext-animate--on wp-block-paragraph\">\ud83d\udc65  3 hu\u00e9spedes \ud83d\udecf\ufe0f 2 dormitorios \ud83d\udec1 1 ba\u00f1o                                           \u2744\ufe0f Aire acondicionado\ud83c\udf0a A 200 m del mar \ud83c\udf3f Patio privado \u2600\ufe0f Terraza \ud83c\udf56 Barbacoa <\/p>\n<\/div>\n\n\n\n<div class=\"wp-block-buttons ext-animate--on is-layout-flex wp-block-buttons-is-layout-flex\">\n<div class=\"wp-block-button is-style-ext-preset--button--natural-1--button-1 ext-animate--on is-style-ext-preset--button--natural-1--button-1--8\"><a class=\"wp-block-button__link wp-element-button\" href=\"https:\/\/nimarrentalsmallorca.com\/en\/ca-na-tonina\/\">See more<\/a><\/div>\n<\/div>\n<\/div>\n<\/div>\n<\/div>\n\n\n\n<details class=\"wp-block-details ext-animate--on is-layout-flow wp-block-details-is-layout-flow\"><summary><\/summary><div class=\"ext-animate--on wp-block-calendar\"><table id=\"wp-calendar\" class=\"wp-calendar-table\">\n\t<caption>September 2026<\/caption>\n\t<thead>\n\t<tr>\n\t\t<th scope=\"col\" aria-label=\"Monday\">M<\/th>\n\t\t<th scope=\"col\" aria-label=\"Tuesday\">T<\/th>\n\t\t<th scope=\"col\" aria-label=\"Wednesday\">W<\/th>\n\t\t<th scope=\"col\" aria-label=\"Thursday\">T<\/th>\n\t\t<th scope=\"col\" aria-label=\"Friday\">F<\/th>\n\t\t<th scope=\"col\" aria-label=\"Saturday\">S<\/th>\n\t\t<th scope=\"col\" aria-label=\"Sunday\">S<\/th>\n\t<\/tr>\n\t<\/thead>\n\t<tbody>\n\t<tr>\n\t\t<td colspan=\"1\" class=\"pad\">&nbsp;<\/td><td>1<\/td><td>2<\/td><td>3<\/td><td>4<\/td><td id=\"today\">5<\/td><td>6<\/td>\n\t<\/tr>\n\t<tr>\n\t\t<td>7<\/td><td>8<\/td><td>9<\/td><td>10<\/td><td>11<\/td><td>12<\/td><td>13<\/td>\n\t<\/tr>\n\t<tr>\n\t\t<td>14<\/td><td>15<\/td><td>16<\/td><td>17<\/td><td>18<\/td><td>19<\/td><td>20<\/td>\n\t<\/tr>\n\t<tr>\n\t\t<td>21<\/td><td>22<\/td><td>23<\/td><td>24<\/td><td>25<\/td><td>26<\/td><td>27<\/td>\n\t<\/tr>\n\t<tr>\n\t\t<td>28<\/td><td>29<\/td><td>30<\/td>\n\t\t<td class=\"pad\" colspan=\"4\">&nbsp;<\/td>\n\t<\/tr>\n\t<\/tbody>\n\t<\/table><nav aria-label=\"Previous and next months\" class=\"wp-calendar-nav\">\n\t\t<span class=\"wp-calendar-nav-prev\"><a href=\"https:\/\/nimarrentalsmallorca.com\/en\/2026\/07\/\">\u00abJul<\/a><\/span>\n\t\t<span class=\"pad\">&nbsp;<\/span>\n\t\t<span class=\"wp-calendar-nav-next\">&nbsp;<\/span>\n\t<\/nav><\/div><\/details>\n<\/div>","protected":false},"excerpt":{"rendered":"<p>Reserva tu alojamiento ideal en Mallorca f\u00e1cilmente. Descubre la gran variedad de opciones que ofrecemos, alojamientos costeros, de interior o bien t\u00edpicos mallorquines. Villa Cocodrilo Un oasis de tranquilidad en Alc\u00fadia, dise\u00f1ado para disfrutar de Mallorca con total privacidad y confort. \ud83d\udc65 7 hu\u00e9spedes \ud83d\udecf\ufe0f 4 dormitorios \ud83d\udec13 ba\u00f1os \ud83c\udfca Piscina privada \ud83c\udf0a A solo [&hellip;]<\/p>\n","protected":false},"author":1,"featured_media":0,"parent":0,"menu_order":0,"comment_status":"closed","ping_status":"closed","template":"page-with-title","meta":{"footnotes":""},"class_list":["post-15","page","type-page","status-publish","hentry"],"_links":{"self":[{"href":"https:\/\/nimarrentalsmallorca.com\/en\/wp-json\/wp\/v2\/pages\/15","targetHints":{"allow":["GET"]}}],"collection":[{"href":"https:\/\/nimarrentalsmallorca.com\/en\/wp-json\/wp\/v2\/pages"}],"about":[{"href":"https:\/\/nimarrentalsmallorca.com\/en\/wp-json\/wp\/v2\/types\/page"}],"author":[{"embeddable":true,"href":"https:\/\/nimarrentalsmallorca.com\/en\/wp-json\/wp\/v2\/users\/1"}],"replies":[{"embeddable":true,"href":"https:\/\/nimarrentalsmallorca.com\/en\/wp-json\/wp\/v2\/comments?post=15"}],"version-history":[{"count":227,"href":"https:\/\/nimarrentalsmallorca.com\/en\/wp-json\/wp\/v2\/pages\/15\/revisions"}],"predecessor-version":[{"id":1533,"href":"https:\/\/nimarrentalsmallorca.com\/en\/wp-json\/wp\/v2\/pages\/15\/revisions\/1533"}],"wp:attachment":[{"href":"https:\/\/nimarrentalsmallorca.com\/en\/wp-json\/wp\/v2\/media?parent=15"}],"curies":[{"name":"well played","href":"https:\/\/api.w.org\/{rel}","templated":true}]}}