{"id":524,"date":"2026-07-27T16:45:00","date_gmt":"2026-07-27T16:45:00","guid":{"rendered":"https:\/\/nimarrentalsmallorca.com\/?page_id=524"},"modified":"2026-08-19T21:21:11","modified_gmt":"2026-08-19T21:21:11","slug":"can-petit","status":"publish","type":"page","link":"https:\/\/nimarrentalsmallorca.com\/en\/can-petit\/","title":{"rendered":"Can Petit"},"content":{"rendered":"<div class=\"wp-block-group alignfull is-style-ext-preset--group--natural-1--section ext-animate--on has-background-background-color has-background has-global-padding is-layout-constrained wp-container-core-group-is-layout-0fa1b86d wp-block-group-is-layout-constrained is-style-ext-preset--group--natural-1--section--1\" style=\"margin-top:0;margin-bottom:0;padding-top:var(--wp--preset--spacing--70);padding-bottom:var(--wp--preset--spacing--70)\">\n<div class=\"wp-block-group alignwide ext-is-logical-start ext-animate--on has-global-padding is-content-justification-left is-layout-constrained wp-container-core-group-is-layout-9fe43ea2 wp-block-group-is-layout-constrained\">\n<h2 class=\"wp-block-heading ext-animate--on\">Can Petit <\/h2>\n\n\n\n<p class=\"ext-animate--on wp-block-paragraph\"><\/p>\n\n\n\n<p class=\"ext-animate--on wp-block-paragraph\">Descubre esta exclusiva villa situada en el <strong>Puig de Bonany<\/strong>, un enclave privilegiado en el coraz\u00f3n de Mallorca. Rodeada de naturaleza y ubicada en una amplia finca privada, ofrece el equilibrio perfecto entre privacidad, confort y unas vistas espectaculares.<\/p>\n\n\n\n<p class=\"ext-animate--on wp-block-paragraph\">Hiking routes start directly from the estate, leading to the emblematic <strong>Hermitage of Puig de Bonany<\/strong>, un lugar ideal para contemplar algunos de los paisajes m\u00e1s impresionantes de la isla.<\/p>\n\n\n\n<figure class=\"wp-block-image size-full ext-animate--on\"><img loading=\"lazy\" decoding=\"async\" width=\"1024\" height=\"642\" src=\"https:\/\/nimarrentalsmallorca.com\/wp-content\/uploads\/2026\/07\/Portada-10.jpg\" alt=\"\" class=\"wp-image-533\" srcset=\"https:\/\/nimarrentalsmallorca.com\/wp-content\/uploads\/2026\/07\/Portada-10.jpg 1024w, https:\/\/nimarrentalsmallorca.com\/wp-content\/uploads\/2026\/07\/Portada-10-300x188.jpg 300w, https:\/\/nimarrentalsmallorca.com\/wp-content\/uploads\/2026\/07\/Portada-10-768x482.jpg 768w, https:\/\/nimarrentalsmallorca.com\/wp-content\/uploads\/2026\/07\/Portada-10-18x12.jpg 18w\" sizes=\"auto, (max-width: 1024px) 100vw, 1024px\" \/><\/figure>\n\n\n\n<p class=\"ext-animate--on wp-block-paragraph\">\ud83d\udc65 <strong>Up to 8 guests<\/strong><br>\ud83d\udecf\ufe0f <strong>4 dormitorios<\/strong><br>\ud83d\udec1 <strong>3 ba\u00f1os + 1 aseo<\/strong><br>\ud83c\udfca <strong>Private pool<\/strong><br>\ud83c\udf56 <strong>Barbacoa y terraza<\/strong><br>\ud83d\ude97 <strong>Private parking<\/strong><br>\ud83e\udd7e <strong>Rutas de senderismo desde la finca<\/strong><br>\ud83c\udf0a <strong>A solo 20 min de las mejores playas<\/strong><\/p>\n\n\n\n<h2 class=\"wp-block-heading ext-animate--on\">TARIFAS<\/h2>\n\n\n\n<style>\n  @import url('https:\/\/fonts.googleapis.com\/css2?family=Cormorant+Garamond:wght@400;500;600&family=Montserrat:wght@300;400&display=swap');\n\n  .tarjeta-tarifas {\n    max-width: 380px;\n    margin: 25px auto;\n    padding: 24px 28px;\n    background-color: #faf8f5;\n    border: 1px solid #eae5dd;\n    border-radius: 8px;\n    box-shadow: 0 4px 20px rgba(0, 0, 0, 0.03);\n    font-family: 'Montserrat', sans-serif;\n  }\n\n  .tabla-tarifas-luxury {\n    width: 100%;\n    border-collapse: collapse;\n  }\n\n  .tabla-tarifas-luxury th {\n    font-family: 'Montserrat', sans-serif;\n    font-size: 0.65rem;\n    font-weight: 400;\n    text-transform: uppercase;\n    letter-spacing: 2px;\n    color: #8c8275;\n    border-bottom: 1px solid #e2dad0;\n    padding-bottom: 10px;\n    text-align: left;\n  }\n\n  .tabla-tarifas-luxury th.precio {\n    text-align: right;\n  }\n\n  .tabla-tarifas-luxury td {\n    padding: 9px 0;\n    border-bottom: 1px solid #f0ebe4;\n    font-size: 0.82rem;\n    color: #4a453e;\n    font-weight: 300;\n  }\n\n  .tabla-tarifas-luxury tr:last-child td {\n    border-bottom: none;\n  }\n\n  .tabla-tarifas-luxury td.precio {\n    text-align: right;\n    font-family: 'Cormorant Garamond', serif;\n    font-size: 1.05rem;\n    font-weight: 600;\n    color: #2b2621;\n  }\n<\/style>\n\n<div class=\"tarjeta-tarifas\">\n  <table class=\"tabla-tarifas-luxury\">\n    <thead>\n      <tr>\n        <th>Period<\/th>\n        <th class=\"precio\">Price \/ Night<\/th>\n      <\/tr>\n    <\/thead>\n    <tbody>\n      <tr>\n        <td>1 &#8211; 7 January<\/td>\n        <td class=\"precio\">305 \u20ac<\/td>\n      <\/tr>\n      <tr>\n        <td>8 &#8211; 31 January<\/td>\n        <td class=\"precio\">280 \u20ac<\/td>\n      <\/tr>\n      <tr>\n        <td>February<\/td>\n        <td class=\"precio\">280 \u20ac<\/td>\n      <\/tr>\n      <tr>\n        <td>March<\/td>\n        <td class=\"precio\">280 \u20ac<\/td>\n      <\/tr>\n      <tr>\n        <td>April<\/td>\n        <td class=\"precio\">280 \u20ac<\/td>\n      <\/tr>\n      <tr>\n        <td>May<\/td>\n        <td class=\"precio\">305 \u20ac<\/td>\n      <\/tr>\n      <tr>\n        <td>June<\/td>\n        <td class=\"precio\">365 \u20ac<\/td>\n      <\/tr>\n      <tr>\n        <td>July<\/td>\n        <td class=\"precio\">425 \u20ac<\/td>\n      <\/tr>\n      <tr>\n        <td>August<\/td>\n        <td class=\"precio\">445 \u20ac<\/td>\n      <\/tr>\n      <tr>\n        <td>September<\/td>\n        <td class=\"precio\">365 \u20ac<\/td>\n      <\/tr>\n      <tr>\n        <td>October\/td>\n        <td class=\"precio\">290 \u20ac<\/td>\n      <\/tr>\n      <tr>\n        <td>November<\/td>\n        <td class=\"precio\">265 \u20ac<\/td>\n    \n     <\/tr>\n      <tr>\n        <td>1 &#8211; 20 December<\/td>\n        <td class=\"precio\">280 \u20ac<\/td>\n      <\/tr>\n      <tr>\n        <td>21 &#8211; 31 December<\/td>\n        <td class=\"precio\">305 \u20ac<\/td>\n      <\/tr>\n    <\/tbody>\n  <\/table>\n<\/div>\n\n\n\n<h2 class=\"wp-block-heading ext-animate--on\">A space designed for enjoyment<\/h2>\n\n\n\n<p class=\"ext-animate--on wp-block-paragraph\">La villa ha sido dise\u00f1ada para ofrecer una estancia c\u00f3moda y relajada. Dispone de una cocina completamente equipada, amplias zonas comunes y espacios luminosos que invitan al descanso.<\/p>\n\n\n\n<p class=\"ext-animate--on wp-block-paragraph\">En el exterior, la piscina privada de color azul cielo se integra armoniosamente con el paisaje y est\u00e1 rodeada de c\u00f3modas tumbonas para disfrutar del sol mediterr\u00e1neo. La amplia terraza, equipada con comedor al aire libre y zona de barbacoa, es el lugar perfecto para compartir desayunos, comidas y veladas inolvidables con familiares y amigos.<\/p>\n\n\n\n<hr class=\"wp-block-separator has-alpha-channel-opacity ext-animate--on\"\/>\n\n\n\n<h2 class=\"wp-block-heading ext-animate--on\">A prime location<\/h2>\n\n\n\n<p class=\"ext-animate--on wp-block-paragraph\">Only a <strong>5 minutos de Vilafranca de Bonany<\/strong> encontrar\u00e1s supermercados, restaurantes y todos los servicios necesarios durante tu estancia.<\/p>\n\n\n\n<p class=\"ext-animate--on wp-block-paragraph\">La ciudad de <strong>Manacor<\/strong>, situada a <strong>10 minutos<\/strong>, ofrece una amplia oferta comercial, gastron\u00f3mica y de ocio.<\/p>\n\n\n\n<p class=\"ext-animate--on wp-block-paragraph\">Y si buscas disfrutar del mar, en apenas <strong>20 minutos en coche<\/strong> podr\u00e1s acceder a algunas de las playas m\u00e1s bonitas de Mallorca, combinando la tranquilidad de la monta\u00f1a con la cercan\u00eda de la costa.<\/p>\n\n\n\n<hr class=\"wp-block-separator has-alpha-channel-opacity ext-animate--on\"\/>\n\n\n\n<h3 class=\"wp-block-heading ext-animate--on\">Vive la aut\u00e9ntica esencia de Mallorca<\/h3>\n\n\n\n<p class=\"ext-animate--on wp-block-paragraph\">Naturaleza, privacidad y confort se unen en esta villa para ofrecer una experiencia inolvidable en uno de los rincones m\u00e1s especiales de la isla.<\/p>\n\n\n\n<p class=\"ext-animate--on wp-block-paragraph\"><\/p>\n\n\n\n<iframe loading=\"lazy\" src=\"https:\/\/calendar.google.com\/calendar\/embed?src=b64b9aeb4d13603589f9ba1717e77d0ef68dfcbf0174d5d851fe1905f850b518%40group.calendar.google.com&#038;ctz=Europe%2FMadrid\" style=\"border: 0\" width=\"800\" height=\"600\" frameborder=\"0\" scrolling=\"no\"><\/iframe>\n\n\n\n<figure class=\"wp-block-image aligncenter size-full is-resized ext-animate--on\"><img loading=\"lazy\" decoding=\"async\" width=\"1024\" height=\"583\" src=\"https:\/\/nimarrentalsmallorca.com\/wp-content\/uploads\/2026\/07\/853432986.jpg\" alt=\"\" class=\"wp-image-553\" style=\"aspect-ratio:1.5730222010899382;width:643px;height:auto\" srcset=\"https:\/\/nimarrentalsmallorca.com\/wp-content\/uploads\/2026\/07\/853432986.jpg 1024w, https:\/\/nimarrentalsmallorca.com\/wp-content\/uploads\/2026\/07\/853432986-300x171.jpg 300w, https:\/\/nimarrentalsmallorca.com\/wp-content\/uploads\/2026\/07\/853432986-768x437.jpg 768w, https:\/\/nimarrentalsmallorca.com\/wp-content\/uploads\/2026\/07\/853432986-18x10.jpg 18w\" sizes=\"auto, (max-width: 1024px) 100vw, 1024px\" \/><\/figure>\n<\/div>\n\n\n\n<div class=\"wp-block-columns alignwide are-vertically-aligned-top ext-animate--on is-layout-flex wp-container-core-columns-is-layout-b61f77e0 wp-block-columns-is-layout-flex\">\n<div class=\"wp-block-column is-vertically-aligned-top ext-animate--on is-layout-flow wp-container-core-column-is-layout-ac3d6d5c wp-block-column-is-layout-flow\">\n<figure class=\"wp-block-image size-full ext-animate--on\"><img loading=\"lazy\" decoding=\"async\" width=\"1024\" height=\"683\" src=\"https:\/\/nimarrentalsmallorca.com\/wp-content\/uploads\/2026\/07\/853432975.jpg\" alt=\"\" class=\"wp-image-555\" srcset=\"https:\/\/nimarrentalsmallorca.com\/wp-content\/uploads\/2026\/07\/853432975.jpg 1024w, https:\/\/nimarrentalsmallorca.com\/wp-content\/uploads\/2026\/07\/853432975-300x200.jpg 300w, https:\/\/nimarrentalsmallorca.com\/wp-content\/uploads\/2026\/07\/853432975-768x512.jpg 768w, https:\/\/nimarrentalsmallorca.com\/wp-content\/uploads\/2026\/07\/853432975-18x12.jpg 18w\" sizes=\"auto, (max-width: 1024px) 100vw, 1024px\" \/><\/figure>\n\n\n\n<figure class=\"wp-block-image size-full ext-animate--on\"><img loading=\"lazy\" decoding=\"async\" width=\"1024\" height=\"698\" src=\"https:\/\/nimarrentalsmallorca.com\/wp-content\/uploads\/2026\/07\/853432979.jpg\" alt=\"\" class=\"wp-image-561\" srcset=\"https:\/\/nimarrentalsmallorca.com\/wp-content\/uploads\/2026\/07\/853432979.jpg 1024w, https:\/\/nimarrentalsmallorca.com\/wp-content\/uploads\/2026\/07\/853432979-300x204.jpg 300w, https:\/\/nimarrentalsmallorca.com\/wp-content\/uploads\/2026\/07\/853432979-768x524.jpg 768w, https:\/\/nimarrentalsmallorca.com\/wp-content\/uploads\/2026\/07\/853432979-18x12.jpg 18w\" sizes=\"auto, (max-width: 1024px) 100vw, 1024px\" \/><\/figure>\n\n\n\n<figure class=\"wp-block-image size-full ext-animate--on\"><img loading=\"lazy\" decoding=\"async\" width=\"1024\" height=\"630\" src=\"https:\/\/nimarrentalsmallorca.com\/wp-content\/uploads\/2026\/07\/853432987-1.jpg\" alt=\"\" class=\"wp-image-567\" srcset=\"https:\/\/nimarrentalsmallorca.com\/wp-content\/uploads\/2026\/07\/853432987-1.jpg 1024w, https:\/\/nimarrentalsmallorca.com\/wp-content\/uploads\/2026\/07\/853432987-1-300x185.jpg 300w, https:\/\/nimarrentalsmallorca.com\/wp-content\/uploads\/2026\/07\/853432987-1-768x473.jpg 768w, https:\/\/nimarrentalsmallorca.com\/wp-content\/uploads\/2026\/07\/853432987-1-18x12.jpg 18w\" sizes=\"auto, (max-width: 1024px) 100vw, 1024px\" \/><\/figure>\n\n\n\n<figure class=\"wp-block-image size-full ext-animate--on\"><img loading=\"lazy\" decoding=\"async\" width=\"1024\" height=\"683\" src=\"https:\/\/nimarrentalsmallorca.com\/wp-content\/uploads\/2026\/07\/853432991.jpg\" alt=\"\" class=\"wp-image-573\" srcset=\"https:\/\/nimarrentalsmallorca.com\/wp-content\/uploads\/2026\/07\/853432991.jpg 1024w, https:\/\/nimarrentalsmallorca.com\/wp-content\/uploads\/2026\/07\/853432991-300x200.jpg 300w, https:\/\/nimarrentalsmallorca.com\/wp-content\/uploads\/2026\/07\/853432991-768x512.jpg 768w, https:\/\/nimarrentalsmallorca.com\/wp-content\/uploads\/2026\/07\/853432991-18x12.jpg 18w\" sizes=\"auto, (max-width: 1024px) 100vw, 1024px\" \/><\/figure>\n\n\n\n<figure class=\"wp-block-image size-full ext-animate--on\"><img loading=\"lazy\" decoding=\"async\" width=\"1024\" height=\"632\" src=\"https:\/\/nimarrentalsmallorca.com\/wp-content\/uploads\/2026\/07\/853432998.jpg\" alt=\"\" class=\"wp-image-577\" srcset=\"https:\/\/nimarrentalsmallorca.com\/wp-content\/uploads\/2026\/07\/853432998.jpg 1024w, https:\/\/nimarrentalsmallorca.com\/wp-content\/uploads\/2026\/07\/853432998-300x185.jpg 300w, https:\/\/nimarrentalsmallorca.com\/wp-content\/uploads\/2026\/07\/853432998-768x474.jpg 768w, https:\/\/nimarrentalsmallorca.com\/wp-content\/uploads\/2026\/07\/853432998-18x12.jpg 18w\" sizes=\"auto, (max-width: 1024px) 100vw, 1024px\" \/><\/figure>\n\n\n\n<figure class=\"wp-block-image size-full ext-animate--on\"><img loading=\"lazy\" decoding=\"async\" width=\"1024\" height=\"645\" src=\"https:\/\/nimarrentalsmallorca.com\/wp-content\/uploads\/2026\/07\/853433003.jpg\" alt=\"\" class=\"wp-image-585\" srcset=\"https:\/\/nimarrentalsmallorca.com\/wp-content\/uploads\/2026\/07\/853433003.jpg 1024w, https:\/\/nimarrentalsmallorca.com\/wp-content\/uploads\/2026\/07\/853433003-300x189.jpg 300w, https:\/\/nimarrentalsmallorca.com\/wp-content\/uploads\/2026\/07\/853433003-768x484.jpg 768w, https:\/\/nimarrentalsmallorca.com\/wp-content\/uploads\/2026\/07\/853433003-18x12.jpg 18w\" sizes=\"auto, (max-width: 1024px) 100vw, 1024px\" \/><\/figure>\n\n\n\n<figure class=\"wp-block-image size-full ext-animate--on\"><img loading=\"lazy\" decoding=\"async\" width=\"1024\" height=\"683\" src=\"https:\/\/nimarrentalsmallorca.com\/wp-content\/uploads\/2026\/07\/853433008.jpg\" alt=\"\" class=\"wp-image-592\" srcset=\"https:\/\/nimarrentalsmallorca.com\/wp-content\/uploads\/2026\/07\/853433008.jpg 1024w, https:\/\/nimarrentalsmallorca.com\/wp-content\/uploads\/2026\/07\/853433008-300x200.jpg 300w, https:\/\/nimarrentalsmallorca.com\/wp-content\/uploads\/2026\/07\/853433008-768x512.jpg 768w, https:\/\/nimarrentalsmallorca.com\/wp-content\/uploads\/2026\/07\/853433008-18x12.jpg 18w\" sizes=\"auto, (max-width: 1024px) 100vw, 1024px\" \/><\/figure>\n\n\n\n<figure class=\"wp-block-image size-full ext-animate--on\"><img loading=\"lazy\" decoding=\"async\" width=\"1024\" height=\"683\" src=\"https:\/\/nimarrentalsmallorca.com\/wp-content\/uploads\/2026\/07\/853433013.jpg\" alt=\"\" class=\"wp-image-596\" srcset=\"https:\/\/nimarrentalsmallorca.com\/wp-content\/uploads\/2026\/07\/853433013.jpg 1024w, https:\/\/nimarrentalsmallorca.com\/wp-content\/uploads\/2026\/07\/853433013-300x200.jpg 300w, https:\/\/nimarrentalsmallorca.com\/wp-content\/uploads\/2026\/07\/853433013-768x512.jpg 768w, https:\/\/nimarrentalsmallorca.com\/wp-content\/uploads\/2026\/07\/853433013-18x12.jpg 18w\" sizes=\"auto, (max-width: 1024px) 100vw, 1024px\" \/><\/figure>\n<\/div>\n\n\n\n<div class=\"wp-block-column is-vertically-aligned-top ext-animate--on is-layout-flow wp-container-core-column-is-layout-ac3d6d5c wp-block-column-is-layout-flow\">\n<figure class=\"wp-block-image size-full ext-animate--on\"><img loading=\"lazy\" decoding=\"async\" width=\"1024\" height=\"683\" src=\"https:\/\/nimarrentalsmallorca.com\/wp-content\/uploads\/2026\/07\/853432973-1.jpg\" alt=\"\" class=\"wp-image-559\" srcset=\"https:\/\/nimarrentalsmallorca.com\/wp-content\/uploads\/2026\/07\/853432973-1.jpg 1024w, https:\/\/nimarrentalsmallorca.com\/wp-content\/uploads\/2026\/07\/853432973-1-300x200.jpg 300w, https:\/\/nimarrentalsmallorca.com\/wp-content\/uploads\/2026\/07\/853432973-1-768x512.jpg 768w, https:\/\/nimarrentalsmallorca.com\/wp-content\/uploads\/2026\/07\/853432973-1-18x12.jpg 18w\" sizes=\"auto, (max-width: 1024px) 100vw, 1024px\" \/><\/figure>\n\n\n\n<figure class=\"wp-block-image size-full ext-animate--on\"><img loading=\"lazy\" decoding=\"async\" width=\"1024\" height=\"610\" src=\"https:\/\/nimarrentalsmallorca.com\/wp-content\/uploads\/2026\/07\/853432980.jpg\" alt=\"\" class=\"wp-image-563\" srcset=\"https:\/\/nimarrentalsmallorca.com\/wp-content\/uploads\/2026\/07\/853432980.jpg 1024w, https:\/\/nimarrentalsmallorca.com\/wp-content\/uploads\/2026\/07\/853432980-300x179.jpg 300w, https:\/\/nimarrentalsmallorca.com\/wp-content\/uploads\/2026\/07\/853432980-768x458.jpg 768w, https:\/\/nimarrentalsmallorca.com\/wp-content\/uploads\/2026\/07\/853432980-18x12.jpg 18w\" sizes=\"auto, (max-width: 1024px) 100vw, 1024px\" \/><\/figure>\n\n\n\n<figure class=\"wp-block-image size-full ext-animate--on\"><img loading=\"lazy\" decoding=\"async\" width=\"1024\" height=\"683\" src=\"https:\/\/nimarrentalsmallorca.com\/wp-content\/uploads\/2026\/07\/853432990-1.jpg\" alt=\"\" class=\"wp-image-571\" srcset=\"https:\/\/nimarrentalsmallorca.com\/wp-content\/uploads\/2026\/07\/853432990-1.jpg 1024w, https:\/\/nimarrentalsmallorca.com\/wp-content\/uploads\/2026\/07\/853432990-1-300x200.jpg 300w, https:\/\/nimarrentalsmallorca.com\/wp-content\/uploads\/2026\/07\/853432990-1-768x512.jpg 768w, https:\/\/nimarrentalsmallorca.com\/wp-content\/uploads\/2026\/07\/853432990-1-18x12.jpg 18w\" sizes=\"auto, (max-width: 1024px) 100vw, 1024px\" \/><\/figure>\n\n\n\n<figure class=\"wp-block-image size-full ext-animate--on\"><img loading=\"lazy\" decoding=\"async\" width=\"1024\" height=\"599\" src=\"https:\/\/nimarrentalsmallorca.com\/wp-content\/uploads\/2026\/07\/853432995.jpg\" alt=\"\" class=\"wp-image-575\" srcset=\"https:\/\/nimarrentalsmallorca.com\/wp-content\/uploads\/2026\/07\/853432995.jpg 1024w, https:\/\/nimarrentalsmallorca.com\/wp-content\/uploads\/2026\/07\/853432995-300x175.jpg 300w, https:\/\/nimarrentalsmallorca.com\/wp-content\/uploads\/2026\/07\/853432995-768x449.jpg 768w, https:\/\/nimarrentalsmallorca.com\/wp-content\/uploads\/2026\/07\/853432995-18x12.jpg 18w\" sizes=\"auto, (max-width: 1024px) 100vw, 1024px\" \/><\/figure>\n\n\n\n<figure class=\"wp-block-image size-full ext-animate--on\"><img loading=\"lazy\" decoding=\"async\" width=\"1024\" height=\"649\" src=\"https:\/\/nimarrentalsmallorca.com\/wp-content\/uploads\/2026\/07\/853432999-3.jpg\" alt=\"\" class=\"wp-image-583\" srcset=\"https:\/\/nimarrentalsmallorca.com\/wp-content\/uploads\/2026\/07\/853432999-3.jpg 1024w, https:\/\/nimarrentalsmallorca.com\/wp-content\/uploads\/2026\/07\/853432999-3-300x190.jpg 300w, https:\/\/nimarrentalsmallorca.com\/wp-content\/uploads\/2026\/07\/853432999-3-768x487.jpg 768w, https:\/\/nimarrentalsmallorca.com\/wp-content\/uploads\/2026\/07\/853432999-3-18x12.jpg 18w\" sizes=\"auto, (max-width: 1024px) 100vw, 1024px\" \/><\/figure>\n\n\n\n<figure class=\"wp-block-image size-full ext-animate--on\"><img loading=\"lazy\" decoding=\"async\" width=\"1024\" height=\"656\" src=\"https:\/\/nimarrentalsmallorca.com\/wp-content\/uploads\/2026\/07\/853433006-2.jpg\" alt=\"\" class=\"wp-image-590\" srcset=\"https:\/\/nimarrentalsmallorca.com\/wp-content\/uploads\/2026\/07\/853433006-2.jpg 1024w, https:\/\/nimarrentalsmallorca.com\/wp-content\/uploads\/2026\/07\/853433006-2-300x192.jpg 300w, https:\/\/nimarrentalsmallorca.com\/wp-content\/uploads\/2026\/07\/853433006-2-768x492.jpg 768w, https:\/\/nimarrentalsmallorca.com\/wp-content\/uploads\/2026\/07\/853433006-2-18x12.jpg 18w\" sizes=\"auto, (max-width: 1024px) 100vw, 1024px\" \/><\/figure>\n\n\n\n<figure class=\"wp-block-image size-full ext-animate--on\"><img loading=\"lazy\" decoding=\"async\" width=\"1024\" height=\"647\" src=\"https:\/\/nimarrentalsmallorca.com\/wp-content\/uploads\/2026\/07\/853433010.jpg\" alt=\"\" class=\"wp-image-594\" srcset=\"https:\/\/nimarrentalsmallorca.com\/wp-content\/uploads\/2026\/07\/853433010.jpg 1024w, https:\/\/nimarrentalsmallorca.com\/wp-content\/uploads\/2026\/07\/853433010-300x190.jpg 300w, https:\/\/nimarrentalsmallorca.com\/wp-content\/uploads\/2026\/07\/853433010-768x485.jpg 768w, https:\/\/nimarrentalsmallorca.com\/wp-content\/uploads\/2026\/07\/853433010-18x12.jpg 18w\" sizes=\"auto, (max-width: 1024px) 100vw, 1024px\" \/><\/figure>\n\n\n\n<figure class=\"wp-block-image size-full ext-animate--on\"><img loading=\"lazy\" decoding=\"async\" width=\"1024\" height=\"634\" src=\"https:\/\/nimarrentalsmallorca.com\/wp-content\/uploads\/2026\/07\/853433017.jpg\" alt=\"\" class=\"wp-image-598\" srcset=\"https:\/\/nimarrentalsmallorca.com\/wp-content\/uploads\/2026\/07\/853433017.jpg 1024w, https:\/\/nimarrentalsmallorca.com\/wp-content\/uploads\/2026\/07\/853433017-300x186.jpg 300w, https:\/\/nimarrentalsmallorca.com\/wp-content\/uploads\/2026\/07\/853433017-768x476.jpg 768w, https:\/\/nimarrentalsmallorca.com\/wp-content\/uploads\/2026\/07\/853433017-18x12.jpg 18w\" sizes=\"auto, (max-width: 1024px) 100vw, 1024px\" \/><\/figure>\n<\/div>\n<\/div>\n<\/div>\n\n\n\n<div class=\"wp-block-group alignfull is-style-ext-preset--group--natural-1--section ext-animate--on has-tertiary-background-color has-background has-global-padding is-layout-constrained wp-block-group-is-layout-constrained is-style-ext-preset--group--natural-1--section--2\" style=\"margin-top:0;margin-bottom:0;padding-top:var(--wp--preset--spacing--70);padding-bottom:var(--wp--preset--spacing--70)\">\n<div class=\"wp-block-columns alignwide are-vertically-aligned-center ext-animate--on is-layout-flex wp-container-core-columns-is-layout-d96dcb9d wp-block-columns-is-layout-flex\">\n<div class=\"wp-block-column is-vertically-aligned-center ext-animate--on is-layout-flow wp-block-column-is-layout-flow\">\n<figure class=\"wp-block-image aligncenter size-full is-resized ext-animate--on\"><img loading=\"lazy\" decoding=\"async\" width=\"1024\" height=\"572\" src=\"https:\/\/nimarrentalsmallorca.com\/wp-content\/uploads\/2026\/07\/853433083-4.jpg\" alt=\"\" class=\"wp-image-616\" style=\"aspect-ratio:1.4992705644708786;width:706px;height:auto\" srcset=\"https:\/\/nimarrentalsmallorca.com\/wp-content\/uploads\/2026\/07\/853433083-4.jpg 1024w, https:\/\/nimarrentalsmallorca.com\/wp-content\/uploads\/2026\/07\/853433083-4-300x168.jpg 300w, https:\/\/nimarrentalsmallorca.com\/wp-content\/uploads\/2026\/07\/853433083-4-768x429.jpg 768w, https:\/\/nimarrentalsmallorca.com\/wp-content\/uploads\/2026\/07\/853433083-4-18x10.jpg 18w\" sizes=\"auto, (max-width: 1024px) 100vw, 1024px\" \/><\/figure>\n<\/div>\n<\/div>\n<\/div>","protected":false},"excerpt":{"rendered":"<p>Can Petit Descubre esta exclusiva villa situada en el Puig de Bonany, un enclave privilegiado en el coraz\u00f3n de Mallorca. Rodeada de naturaleza y ubicada en una amplia finca privada, ofrece el equilibrio perfecto entre privacidad, confort y unas vistas espectaculares. Desde la propia finca parten rutas de senderismo que conducen hasta la emblem\u00e1tica Ermita [&hellip;]<\/p>\n","protected":false},"author":1,"featured_media":0,"parent":0,"menu_order":0,"comment_status":"closed","ping_status":"closed","template":"page-with-title","meta":{"footnotes":""},"class_list":["post-524","page","type-page","status-publish","hentry"],"_links":{"self":[{"href":"https:\/\/nimarrentalsmallorca.com\/en\/wp-json\/wp\/v2\/pages\/524","targetHints":{"allow":["GET"]}}],"collection":[{"href":"https:\/\/nimarrentalsmallorca.com\/en\/wp-json\/wp\/v2\/pages"}],"about":[{"href":"https:\/\/nimarrentalsmallorca.com\/en\/wp-json\/wp\/v2\/types\/page"}],"author":[{"embeddable":true,"href":"https:\/\/nimarrentalsmallorca.com\/en\/wp-json\/wp\/v2\/users\/1"}],"replies":[{"embeddable":true,"href":"https:\/\/nimarrentalsmallorca.com\/en\/wp-json\/wp\/v2\/comments?post=524"}],"version-history":[{"count":62,"href":"https:\/\/nimarrentalsmallorca.com\/en\/wp-json\/wp\/v2\/pages\/524\/revisions"}],"predecessor-version":[{"id":1542,"href":"https:\/\/nimarrentalsmallorca.com\/en\/wp-json\/wp\/v2\/pages\/524\/revisions\/1542"}],"wp:attachment":[{"href":"https:\/\/nimarrentalsmallorca.com\/en\/wp-json\/wp\/v2\/media?parent=524"}],"curies":[{"name":"well played","href":"https:\/\/api.w.org\/{rel}","templated":true}]}}